{"id":2020,"date":"2019-05-25T14:57:54","date_gmt":"2019-05-25T11:57:54","guid":{"rendered":"https:\/\/www.etoleyksin.fi\/vill-du-prata-med-oss\/"},"modified":"2026-01-12T09:49:27","modified_gmt":"2026-01-12T06:49:27","slug":"vill-du-prata-med-oss","status":"publish","type":"page","link":"https:\/\/www.etoleyksin.fi\/sv\/vill-du-prata-med-oss\/","title":{"rendered":"Vill du prata med oss?"},"content":{"rendered":"<div class=\"wpb-content-wrapper\">[mk_page_section bg_image=&#8221;https:\/\/www.etoleyksin.fi\/wp-content\/uploads\/2019\/05\/shutterstock_1172875669.jpg&#8221; bg_position=&#8221;center center&#8221; bg_repeat=&#8221;no-repeat&#8221; bg_stretch=&#8221;true&#8221; video_color_mask=&#8221;#000000&#8243; video_opacity=&#8221;0.1&#8243; full_width=&#8221;true&#8221; has_bottom_shape_divider=&#8221;true&#8221; sidebar=&#8221;sidebar-1&#8243;][vc_column][mk_padding_divider size=&#8221;140&#8243;][mk_padding_divider size=&#8221;20&#8243; visibility=&#8221;visible-tl&#8221;][mk_padding_divider size=&#8221;60&#8243; visibility=&#8221;hidden-sm&#8221;][vc_row_inner][vc_column_inner width=&#8221;1\/4&#8243;][\/vc_column_inner][vc_column_inner width=&#8221;1\/2&#8243;][mk_custom_box bg_color=&#8221;rgba(0,0,0,0.3)&#8221;][mk_fancy_title strip_tags=&#8221;true&#8221; tag_name=&#8221;h1&#8243; color=&#8221;#ffffff&#8221; size=&#8221;34&#8243; force_font_size=&#8221;true&#8221; size_tablet=&#8221;30&#8243; size_phone=&#8221;25&#8243; font_weight=&#8221;bold&#8221; margin_bottom=&#8221;10&#8243; font_family=&#8221;none&#8221; align=&#8221;center&#8221;]Har du upplevt osakligt beteende, trakasserier eller v\u00e5ld inom din hobby?[\/mk_fancy_title][mk_fancy_title strip_tags=&#8221;true&#8221; tag_name=&#8221;span&#8221; color=&#8221;#ffffff&#8221; size=&#8221;20&#8243; margin_bottom=&#8221;0&#8243; font_family=&#8221;none&#8221; align=&#8221;center&#8221;]Oavsett om ditt problem \u00e4r stort eller litet har vi tid att lyssna.[\/mk_fancy_title][\/mk_custom_box][\/vc_column_inner][vc_column_inner width=&#8221;1\/4&#8243;][\/vc_column_inner][\/vc_row_inner][mk_padding_divider size=&#8221;90&#8243;][mk_padding_divider size=&#8221;90&#8243; visibility=&#8221;hidden-sm&#8221;][\/vc_column][\/mk_page_section][vc_row][vc_column][\/vc_column][\/vc_row][vc_row][vc_column][mk_fancy_title strip_tags=&#8221;true&#8221; tag_name=&#8221;span&#8221; size=&#8221;18&#8243; margin_bottom=&#8221;0&#8243; font_family=&#8221;none&#8221; align=&#8221;center&#8221;]Du har r\u00e4tt att f\u00e5 hj\u00e4lp. I f\u00f6rsta hand l\u00f6nar det sig att fr\u00e5ga om hj\u00e4lp av din tr\u00e4nare eller n\u00e5gon annan ledare, dina f\u00f6r\u00e4ldrar eller v\u00e5rdnadshavare. Om du tycker det \u00e4r l\u00e4ttare att fr\u00e5ga om dina bekymmer anonymt, kan du ocks\u00e5 ta kontakt med Du \u00e4r inte ensam -tj\u00e4nsten. Vi finns h\u00e4r f\u00f6r dig.[\/mk_fancy_title][mk_fancy_title strip_tags=&#8221;true&#8221; tag_name=&#8221;span&#8221; size=&#8221;18&#8243; margin_bottom=&#8221;0&#8243; font_family=&#8221;none&#8221; align=&#8221;center&#8221;]<strong>Ifall du \u00f6nskar boka en samtalstid p\u00e5 svenska kan du skicka e-post till etoleyksin(a)vaestoliitto.fi.<\/strong>[\/mk_fancy_title][mk_fancy_title strip_tags=&#8221;true&#8221; tag_name=&#8221;span&#8221; size=&#8221;18&#8243; margin_bottom=&#8221;0&#8243; font_family=&#8221;none&#8221; align=&#8221;center&#8221;]\n<h4><strong>I v\u00e5r brevl\u00e5da svarar vi ocks\u00e5 p\u00e5 svenska.<\/strong><\/h4>\n[\/mk_fancy_title][mk_custom_box bg_image=&#8221;https:\/\/www.etoleyksin.fi\/wp-content\/uploads\/2019\/01\/kysymys-3.jpg&#8221; background_hov_color_style=&#8221;image&#8221; overlay_color=&#8221;rgba(0,0,0,0.6)&#8221; bg_image_hov_effect=&#8221;blur&#8221; bg_stretch=&#8221;true&#8221;][mk_padding_divider size=&#8221;30&#8243;][vc_icon icon_fontawesome=&#8221;fa fa-info&#8221; color=&#8221;white&#8221; align=&#8221;center&#8221; css=&#8221;.vc_custom_1605184831301{margin-bottom: 5px !important;margin-left: -20px !important;}&#8221;][mk_title_box color=&#8221;#000000&#8243; highlight_color=&#8221;#ffffff&#8221; highlight_opacity=&#8221;1&#8243; size=&#8221;22&#8243; margin_bottom=&#8221;10&#8243; font_family=&#8221;none&#8221; align=&#8221;center&#8221;]Avvikelser i telefon- och chattj\u00e4nsternas \u00f6ppeth\u00e5llningstider[\/mk_title_box][mk_title_box color=&#8221;#000000&#8243; highlight_color=&#8221;#ffffff&#8221; highlight_opacity=&#8221;1&#8243; size=&#8221;20&#8243; line_height=&#8221;34&#8243; letter_spacing=&#8221;0&#8243; stroke=&#8221;0&#8243; margin_top=&#8221;0&#8243; margin_bottom=&#8221;0&#8243; font_family=&#8221;none&#8221; align=&#8221;center&#8221;]Inga avvikelser f\u00f6r tillf\u00e4llet.[\/mk_title_box][mk_padding_divider size=&#8221;30&#8243;][\/mk_custom_box][\/vc_column][\/vc_row][vc_row][vc_column width=&#8221;1\/2&#8243;][mk_custom_box bg_image=&#8221;https:\/\/www.etoleyksin.fi\/wp-content\/uploads\/2019\/05\/shutterstock_58757200.jpg&#8221; background_hov_color_style=&#8221;image&#8221; overlay_color=&#8221;rgba(0,0,0,0.6)&#8221; bg_image_hov_effect=&#8221;blur&#8221; bg_stretch=&#8221;true&#8221;][mk_padding_divider size=&#8221;30&#8243;][vc_icon icon_fontawesome=&#8221;fa fa-phone&#8221; color=&#8221;white&#8221; align=&#8221;center&#8221; css=&#8221;.vc_custom_1605184798090{margin-bottom: 5px !important;margin-left: -20px !important;}&#8221;][mk_title_box color=&#8221;#000000&#8243; highlight_color=&#8221;#ffffff&#8221; highlight_opacity=&#8221;1&#8243; size=&#8221;22&#8243; margin_bottom=&#8221;10&#8243; font_family=&#8221;none&#8221; align=&#8221;center&#8221;]Telefontj\u00e4nst p\u00e5 finska[\/mk_title_box][mk_title_box color=&#8221;#000000&#8243; highlight_color=&#8221;#ffffff&#8221; highlight_opacity=&#8221;1&#8243; size=&#8221;20&#8243; margin_bottom=&#8221;10&#8243; font_family=&#8221;none&#8221; align=&#8221;center&#8221;]+358 503 025 942[\/mk_title_box][mk_title_box color=&#8221;#000000&#8243; highlight_color=&#8221;#ffffff&#8221; highlight_opacity=&#8221;1&#8243; size=&#8221;20&#8243; margin_bottom=&#8221;0&#8243; font_family=&#8221;none&#8221; align=&#8221;center&#8221;]M\u00e5- fre 08.00 \u2013 16.00[\/mk_title_box][mk_title_box color=&#8221;#000000&#8243; highlight_color=&#8221;#ffffff&#8221; highlight_opacity=&#8221;1&#8243; size=&#8221;20&#8243; margin_bottom=&#8221;0&#8243; font_family=&#8221;none&#8221; align=&#8221;center&#8221;]Vi svarar enligt tillg\u00e4nglighet, ifall vi inte \u00e4r p\u00e5 plats kan du l\u00e4mna ett ringbud.[\/mk_title_box][mk_padding_divider size=&#8221;30&#8243;][mk_title_box color=&#8221;#000000&#8243; highlight_color=&#8221;#ffffff&#8221; highlight_opacity=&#8221;1&#8243; size=&#8221;20&#8243; margin_bottom=&#8221;0&#8243; font_family=&#8221;none&#8221; align=&#8221;center&#8221;][\/mk_title_box][mk_padding_divider size=&#8221;30&#8243;][\/mk_custom_box][mk_padding_divider size=&#8221;20&#8243;][\/vc_column][vc_column width=&#8221;1\/2&#8243;][mk_custom_box bg_image=&#8221;https:\/\/www.etoleyksin.fi\/wp-content\/uploads\/2019\/05\/shutterstock_445231189.jpg&#8221; background_hov_color_style=&#8221;image&#8221; overlay_color=&#8221;rgba(0,0,0,0.6)&#8221; bg_image_hov_effect=&#8221;blur&#8221; bg_stretch=&#8221;true&#8221;][mk_padding_divider size=&#8221;30&#8243;][vc_icon icon_fontawesome=&#8221;fa fa-commenting&#8221; color=&#8221;white&#8221; align=&#8221;center&#8221; css=&#8221;.vc_custom_1605184783031{margin-bottom: 5px !important;margin-left: -20px !important;}&#8221;][mk_title_box color=&#8221;#000000&#8243; highlight_color=&#8221;#ffffff&#8221; highlight_opacity=&#8221;1&#8243; size=&#8221;22&#8243; margin_bottom=&#8221;10&#8243; font_family=&#8221;none&#8221; align=&#8221;center&#8221;]Chatta p\u00e5 svenska[\/mk_title_box][mk_title_box color=&#8221;#000000&#8243; highlight_color=&#8221;#ffffff&#8221; highlight_opacity=&#8221;1&#8243; size=&#8221;20&#8243; margin_bottom=&#8221;10&#8243; font_family=&#8221;none&#8221; align=&#8221;center&#8221;]www.etoleyksin.fi[\/mk_title_box][mk_title_box color=&#8221;#000000&#8243; highlight_color=&#8221;#ffffff&#8221; highlight_opacity=&#8221;1&#8243; size=&#8221;20&#8243; margin_bottom=&#8221;0&#8243; font_family=&#8221;none&#8221; align=&#8221;center&#8221;]Tisdagar kl 15.00 \u2013 17.30[\/mk_title_box][mk_padding_divider size=&#8221;30&#8243;][mk_title_box color=&#8221;#000000&#8243; highlight_color=&#8221;#ffffff&#8221; highlight_opacity=&#8221;1&#8243; size=&#8221;20&#8243; margin_bottom=&#8221;0&#8243; font_family=&#8221;none&#8221; align=&#8221;center&#8221;]Ifall chatten \u00e4r st\u00e4ngd, kan du skicka ett meddelande till v\u00e5r elektroniska brevl\u00e5da.[\/mk_title_box][mk_padding_divider size=&#8221;30&#8243;][\/mk_custom_box][\/vc_column][\/vc_row][vc_row][vc_column][mk_padding_divider size=&#8221;20&#8243;][\/vc_column][\/vc_row][vc_row][vc_column][mk_custom_box bg_image=&#8221;https:\/\/www.etoleyksin.fi\/wp-content\/uploads\/2019\/01\/kysymys-3.jpg&#8221; background_hov_color_style=&#8221;image&#8221; overlay_color=&#8221;rgba(0,0,0,0.6)&#8221; bg_image_hov_effect=&#8221;blur&#8221; bg_stretch=&#8221;true&#8221;][mk_padding_divider size=&#8221;30&#8243;][vc_icon icon_fontawesome=&#8221;fa fa-info&#8221; color=&#8221;white&#8221; align=&#8221;center&#8221; css=&#8221;.vc_custom_1605184831301{margin-bottom: 5px !important;margin-left: -20px !important;}&#8221;][mk_title_box color=&#8221;#000000&#8243; highlight_color=&#8221;#ffffff&#8221; highlight_opacity=&#8221;1&#8243; size=&#8221;22&#8243; margin_bottom=&#8221;10&#8243; font_family=&#8221;none&#8221; align=&#8221;center&#8221;]Det \u00e4r gratis f\u00f6r dig att chatta. Samtal debiteras enligt taxan f\u00f6r det lokala n\u00e4tverket.[\/mk_title_box][mk_title_box color=&#8221;#000000&#8243; highlight_color=&#8221;#ffffff&#8221; highlight_opacity=&#8221;1&#8243; size=&#8221;20&#8243; margin_bottom=&#8221;0&#8243; font_family=&#8221;none&#8221; align=&#8221;center&#8221;]Om du vill kan du vara helt anonym. Det \u00e4r alltid en sakkunnig fr\u00e5n V\u00e4est\u00f6liitto som svarar.<br \/>\nVi bandar inte in samtalen.[\/mk_title_box][mk_padding_divider size=&#8221;30&#8243;][\/mk_custom_box][\/vc_column][\/vc_row][vc_row][vc_column][mk_padding_divider visibility=&#8221;hidden-tl&#8221;][mk_padding_divider visibility=&#8221;hidden-sm&#8221;][\/vc_column][\/vc_row][vc_row][vc_column width=&#8221;1\/2&#8243;][mk_ornamental_title text_color=&#8221;#000000&#8243; font_family=&#8221;none&#8221; font_size=&#8221;18&#8243; font_weight=&#8221;bold&#8221; ornament_style=&#8221;lemo-single&#8221; ornament_color=&#8221;#000000&#8243; ornament_thickness=&#8221;3&#8243;]Vem kan ta kontakt med oss?[\/mk_ornamental_title][mk_custom_list style=&#8221;mk-icon-angle-double-right&#8221;]\n<ul>\n<li>Idrottare i alla \u00e5ldrar<\/li>\n<li>Under 29 -\u00e5riga som ut\u00f6var n\u00e5gon annan hobby<\/li>\n<li>Under 18-\u00e5riga barns f\u00f6r\u00e4ldrar och v\u00e5rdnadshavare<\/li>\n<li>Anst\u00e4llda eller aktiva inom specialidrottsf\u00f6reningar, idrottsf\u00f6reningar och organisationer som ordnar andra fritidsaktiviteter (t.ex. funktion\u00e4rer, tr\u00e4nare, instrukt\u00f6rer eller frivilliga)<\/li>\n<li>Professionella som arbetar med unga<\/li>\n<\/ul>\n[\/mk_custom_list][\/vc_column][vc_column width=&#8221;1\/2&#8243;][mk_ornamental_title text_color=&#8221;#000000&#8243; font_family=&#8221;none&#8221; font_size=&#8221;18&#8243; font_weight=&#8221;bold&#8221; ornament_style=&#8221;lemo-single&#8221; ornament_color=&#8221;#000000&#8243; ornament_thickness=&#8221;3&#8243;]I vilka situationer kan man kontakta \u201dDu \u00e4r inte ensam\u201d-tj\u00e4nsten?[\/mk_ornamental_title][mk_custom_list style=&#8221;mk-icon-angle-double-right&#8221;]HOBBYUT\u00d6VARE<\/p>\n<ul>\n<li>Du har blivit mobbad<\/li>\n<li>Du har blivit r\u00f6rd p\u00e5 ett obekv\u00e4mt s\u00e4tt<\/li>\n<li>Du har blivit utsatt f\u00f6r v\u00e5ld<\/li>\n<li>Du har blivit pressad att anv\u00e4nda rusmedel<\/li>\n<li>Du \u00e4r r\u00e4dd eller \u00e5ngestfylld n\u00e4r du ska g\u00e5 p\u00e5 tr\u00e4ningar<\/li>\n<li>Du \u00e4r os\u00e4ker p\u00e5 om du har blivit illa behandlad och vill g\u00e4rna prata med n\u00e5gon om det<\/li>\n<\/ul>\n<p>F\u00d6R\u00c4LDER\/V\u00c5RDNADSHAVARE<\/p>\n<ul>\n<li>Ditt barn har blivit osakligt behandlat<\/li>\n<li>Du har sett att n\u00e5gon annans barn har blivit osakligt behandlat<\/li>\n<li>Du \u00e4r os\u00e4ker p\u00e5 hur du borde agera i situationen<\/li>\n<li>Du vill f\u00e5 samtalsst\u00f6d<\/li>\n<\/ul>\n<p>HOBBYLEDARE, TR\u00c4NARE,<br \/>\nIDROTTSAKT\u00d6RER, TRAKASSERIOMBUD<\/p>\n<ul>\n<li>Du beh\u00f6ver r\u00e5d om hur du kan ingripa i och ta i tu med osakligt beteende<\/li>\n<li>Du beh\u00f6ver r\u00e5d hur man kan ta i bruk f\u00f6rebyggande policyer och eller andra material inom fritidshobbyn<\/li>\n<li>Du vill fr\u00e5ga om v\u00e5ra skolningar eller har ett samarbetsf\u00f6rslag<\/li>\n<\/ul>\n[\/mk_custom_list][\/vc_column][\/vc_row][vc_row][vc_column][mk_padding_divider size=&#8221;10&#8243;][mk_padding_divider size=&#8221;10&#8243; visibility=&#8221;hidden-sm&#8221;][\/vc_column][\/vc_row][vc_row][vc_column][mk_ornamental_title text_color=&#8221;#000000&#8243; font_family=&#8221;none&#8221; font_size=&#8221;18&#8243; font_weight=&#8221;bold&#8221; ornament_style=&#8221;lemo-single&#8221; ornament_color=&#8221;#000000&#8243; ornament_thickness=&#8221;3&#8243;]\n<h3>Du \u00e4r inte ensam -tj\u00e4nstens brevl\u00e5da<\/h3>\n[\/mk_ornamental_title][vc_column_text css=&#8221;.vc_custom_1754544619536{margin-bottom: 0px !important;}&#8221;]Du kan l\u00e4mna en kontaktf\u00f6rfr\u00e5gan i v\u00e5r brevl\u00e5da n\u00e4r v\u00e5r chatt- och telefontj\u00e4nst \u00e4r st\u00e4ngd. Vi svarar dig ocks\u00e5 p\u00e5 svenska! Kom ih\u00e5g att ange kontaktuppgifter ifall du \u00f6nskar vi ska kontakta dig. Dina kontaktuppgifter kommer inte att lagras n\u00e5gonstans och inkomna meddelanden raderas efter att de har besvarats. Du kan ange i din kontaktf\u00f6rfr\u00e5gan om du f\u00f6redrar ett telefon- eller videosamtal. I regel \u00e4r konsultationstiderna under kontorstid (m\u00e5n-fre kl. 8-18.00).<\/p>\n<p>Vi str\u00e4var efter att svara p\u00e5 ditt meddelande s\u00e5 snart som m\u00f6jligt. Om ditt \u00e4rende \u00e4r br\u00e5dskande, v\u00e4nligen kontakta chatten eller telefontj\u00e4nsten under \u00f6ppeth\u00e5llningstiderna. \u00c4ven om chatten \u00e4r p\u00e5 finska kan be om att v\u00e5r svenskspr\u00e5kiga sakkunniga ska kontakta dig.[\/vc_column_text]\n<div class=\"wpcf7 no-js\" id=\"wpcf7-f434-o1\" lang=\"fi\" dir=\"ltr\" data-wpcf7-id=\"434\">\n<div class=\"screen-reader-response\"><p role=\"status\" aria-live=\"polite\" aria-atomic=\"true\"><\/p> <ul><\/ul><\/div>\n<form action=\"\/sv\/wp-json\/wp\/v2\/pages\/2020#wpcf7-f434-o1\" method=\"post\" class=\"wpcf7-form init\" aria-label=\"Yhteydenottolomake\" novalidate=\"novalidate\" data-status=\"init\">\n<fieldset class=\"hidden-fields-container\"><input type=\"hidden\" name=\"_wpcf7\" value=\"434\" \/><input type=\"hidden\" name=\"_wpcf7_version\" value=\"6.1.5\" \/><input type=\"hidden\" name=\"_wpcf7_locale\" value=\"fi\" \/><input type=\"hidden\" name=\"_wpcf7_unit_tag\" value=\"wpcf7-f434-o1\" \/><input type=\"hidden\" name=\"_wpcf7_container_post\" value=\"0\" \/><input type=\"hidden\" name=\"_wpcf7_posted_data_hash\" value=\"\" \/>\n<\/fieldset>\n<p><label> Nimi tai nimimerkki (pakollinen)<br \/>\n<span class=\"wpcf7-form-control-wrap\" data-name=\"your-name\"><input size=\"40\" maxlength=\"400\" class=\"wpcf7-form-control wpcf7-text wpcf7-validates-as-required\" aria-required=\"true\" aria-invalid=\"false\" value=\"\" type=\"text\" name=\"your-name\" \/><\/span> <\/label>\n<\/p>\n<p><label> S\u00e4hk\u00f6posti (pakollinen)<br \/>\n<span class=\"wpcf7-form-control-wrap\" data-name=\"your-email\"><input size=\"40\" maxlength=\"400\" class=\"wpcf7-form-control wpcf7-email wpcf7-validates-as-required wpcf7-text wpcf7-validates-as-email\" aria-required=\"true\" aria-invalid=\"false\" value=\"\" type=\"email\" name=\"your-email\" \/><\/span> <\/label>\n<\/p>\n<p><label> Viesti<br \/>\n<span class=\"wpcf7-form-control-wrap\" data-name=\"your-message\"><textarea cols=\"40\" rows=\"10\" maxlength=\"2000\" class=\"wpcf7-form-control wpcf7-textarea\" aria-invalid=\"false\" name=\"your-message\"><\/textarea><\/span> <\/label>\n<\/p>\n<p><input class=\"wpcf7-form-control wpcf7-submit has-spinner\" type=\"submit\" value=\"L\u00e4het\u00e4\" \/>\n<\/p><div class=\"wpcf7-response-output\" aria-hidden=\"true\"><\/div>\n<\/form>\n<\/div>\n[\/vc_column][\/vc_row][vc_row][vc_column][mk_padding_divider size=&#8221;50&#8243;][\/vc_column][\/vc_row][vc_row][vc_column][mk_ornamental_title text_color=&#8221;#000000&#8243; font_family=&#8221;none&#8221; font_size=&#8221;18&#8243; font_weight=&#8221;bold&#8221; ornament_style=&#8221;lemo-single&#8221; ornament_color=&#8221;#000000&#8243; ornament_thickness=&#8221;3&#8243;]Kom ih\u00e5g att lagen ocks\u00e5 g\u00e4ller p\u00e5 n\u00e4tet.[\/mk_ornamental_title][vc_column_text css=&#8221;.vc_custom_1741963876456{margin-bottom: 0px !important;}&#8221;]V\u00e5ra diskussioner \u00e4r konfidentiella och vi har tystnadsplikt. V\u00e5r plikt \u00e4r ocks\u00e5 att se till att du vid behov f\u00e5r den hj\u00e4lp du beh\u00f6ver f\u00f6r att vara i s\u00e4kerhet. V\u00e5ra sakkunniga har i enlighet med lagen anm\u00e4lningsplikt och vid behov g\u00f6rs barnskydds- och\/eller brottsanm\u00e4lan samt f\u00f6rses dessa myndigheter med den information de beg\u00e4r.[\/vc_column_text][\/vc_column][\/vc_row][vc_row][vc_column][mk_padding_divider visibility=&#8221;hidden-sm&#8221;][mk_padding_divider visibility=&#8221;hidden-tl&#8221;][\/vc_column][\/vc_row]\n<\/div>","protected":false},"excerpt":{"rendered":"<p>[mk_page_section bg_image=&#8221;https:\/\/www.etoleyksin.fi\/wp-content\/uploads\/2019\/05\/shutterstock_1172875669.jpg&#8221; bg_position=&#8221;center center&#8221; bg_repeat=&#8221;no-repeat&#8221; bg_stretch=&#8221;true&#8221; video_color_mask=&#8221;#000000&#8243; video_opacity=&#8221;0.1&#8243; full_width=&#8221;true&#8221; has_bottom_shape_divider=&#8221;true&#8221; sidebar=&#8221;sidebar-1&#8243;][vc_column][mk_padding_divider size=&#8221;140&#8243;][mk_padding_divider size=&#8221;20&#8243; visibility=&#8221;visible-tl&#8221;][mk_padding_divider size=&#8221;60&#8243; visibility=&#8221;hidden-sm&#8221;][vc_row_inner][vc_column_inner width=&#8221;1\/4&#8243;][\/vc_column_inner][vc_column_inner width=&#8221;1\/2&#8243;][mk_custom_box bg_color=&#8221;rgba(0,0,0,0.3)&#8221;][mk_fancy_title strip_tags=&#8221;true&#8221; tag_name=&#8221;h1&#8243; color=&#8221;#ffffff&#8221; size=&#8221;34&#8243; force_font_size=&#8221;true&#8221; size_tablet=&#8221;30&#8243; size_phone=&#8221;25&#8243; font_weight=&#8221;bold&#8221; margin_bottom=&#8221;10&#8243; font_family=&#8221;none&#8221; align=&#8221;center&#8221;]Har du upplevt osakligt beteende, trakasserier eller v\u00e5ld inom din hobby?[\/mk_fancy_title][mk_fancy_title strip_tags=&#8221;true&#8221; tag_name=&#8221;span&#8221; color=&#8221;#ffffff&#8221; size=&#8221;20&#8243; margin_bottom=&#8221;0&#8243; font_family=&#8221;none&#8221; align=&#8221;center&#8221;]Oavsett om ditt problem \u00e4r stort eller litet har [&hellip;]<\/p>\n","protected":false},"author":1,"featured_media":0,"parent":0,"menu_order":0,"comment_status":"closed","ping_status":"closed","template":"","meta":{"_uf_show_specific_survey":0,"_uf_disable_surveys":false,"footnotes":""},"class_list":["post-2020","page","type-page","status-publish","hentry"],"yoast_head":"<!-- This site is optimized with the Yoast SEO plugin v27.4 - https:\/\/yoast.com\/product\/yoast-seo-wordpress\/ -->\n<title>Vill du prata med oss? - Et ole yksin : Du har r\u00e4tt att f\u00e5 hj\u00e4lp<\/title>\n<meta name=\"description\" content=\"Om du har upplevt osakligt beteende i din hobby, kan du anonymt ta kontakt med Du \u00e4r inte ensam -tj\u00e4nsten.\" \/>\n<meta name=\"robots\" content=\"index, follow, max-snippet:-1, max-image-preview:large, max-video-preview:-1\" \/>\n<link rel=\"canonical\" href=\"https:\/\/www.etoleyksin.fi\/sv\/vill-du-prata-med-oss\/\" \/>\n<meta property=\"og:locale\" content=\"sv_SE\" \/>\n<meta property=\"og:type\" content=\"article\" \/>\n<meta property=\"og:title\" content=\"Vill du prata med oss? - Et ole yksin : Du har r\u00e4tt att f\u00e5 hj\u00e4lp\" \/>\n<meta property=\"og:description\" content=\"Om du har upplevt osakligt beteende i din hobby, kan du anonymt ta kontakt med Du \u00e4r inte ensam -tj\u00e4nsten.\" \/>\n<meta property=\"og:url\" content=\"https:\/\/www.etoleyksin.fi\/sv\/vill-du-prata-med-oss\/\" \/>\n<meta property=\"og:site_name\" content=\"Et ole yksin\" \/>\n<meta property=\"article:modified_time\" content=\"2026-01-12T06:49:27+00:00\" \/>\n<meta property=\"og:image\" content=\"https:\/\/www.etoleyksin.fi\/wp-content\/uploads\/2019\/05\/shutterstock_58757200.jpg\" \/>\n\t<meta property=\"og:image:width\" content=\"1900\" \/>\n\t<meta property=\"og:image:height\" content=\"1267\" \/>\n\t<meta property=\"og:image:type\" content=\"image\/jpeg\" \/>\n<meta name=\"twitter:card\" content=\"summary_large_image\" \/>\n<meta name=\"twitter:label1\" content=\"Ber\u00e4knad l\u00e4stid\" \/>\n\t<meta name=\"twitter:data1\" content=\"6 minuter\" \/>\n<script type=\"application\/ld+json\" class=\"yoast-schema-graph\">{\"@context\":\"https:\\\/\\\/schema.org\",\"@graph\":[{\"@type\":\"WebPage\",\"@id\":\"https:\\\/\\\/www.etoleyksin.fi\\\/sv\\\/vill-du-prata-med-oss\\\/\",\"url\":\"https:\\\/\\\/www.etoleyksin.fi\\\/sv\\\/vill-du-prata-med-oss\\\/\",\"name\":\"Vill du prata med oss? - Et ole yksin : Du har r\u00e4tt att f\u00e5 hj\u00e4lp\",\"isPartOf\":{\"@id\":\"https:\\\/\\\/www.etoleyksin.fi\\\/#website\"},\"datePublished\":\"2019-05-25T11:57:54+00:00\",\"dateModified\":\"2026-01-12T06:49:27+00:00\",\"description\":\"Om du har upplevt osakligt beteende i din hobby, kan du anonymt ta kontakt med Du \u00e4r inte ensam -tj\u00e4nsten.\",\"breadcrumb\":{\"@id\":\"https:\\\/\\\/www.etoleyksin.fi\\\/sv\\\/vill-du-prata-med-oss\\\/#breadcrumb\"},\"inLanguage\":\"sv-SE\",\"potentialAction\":[{\"@type\":\"ReadAction\",\"target\":[\"https:\\\/\\\/www.etoleyksin.fi\\\/sv\\\/vill-du-prata-med-oss\\\/\"]}]},{\"@type\":\"BreadcrumbList\",\"@id\":\"https:\\\/\\\/www.etoleyksin.fi\\\/sv\\\/vill-du-prata-med-oss\\\/#breadcrumb\",\"itemListElement\":[{\"@type\":\"ListItem\",\"position\":1,\"name\":\"Home\",\"item\":\"https:\\\/\\\/www.etoleyksin.fi\\\/sv\\\/\"},{\"@type\":\"ListItem\",\"position\":2,\"name\":\"Vill du prata med oss?\"}]},{\"@type\":\"WebSite\",\"@id\":\"https:\\\/\\\/www.etoleyksin.fi\\\/#website\",\"url\":\"https:\\\/\\\/www.etoleyksin.fi\\\/\",\"name\":\"Et ole yksin\",\"description\":\"Et ole yksin on palvelu ep\u00e4asiallista k\u00e4ytt\u00e4ytymist\u00e4, h\u00e4irint\u00e4\u00e4 tai v\u00e4kivaltaa urheilussa kohdanneille.\",\"potentialAction\":[{\"@type\":\"SearchAction\",\"target\":{\"@type\":\"EntryPoint\",\"urlTemplate\":\"https:\\\/\\\/www.etoleyksin.fi\\\/?s={search_term_string}\"},\"query-input\":{\"@type\":\"PropertyValueSpecification\",\"valueRequired\":true,\"valueName\":\"search_term_string\"}}],\"inLanguage\":\"sv-SE\"}]}<\/script>\n<!-- \/ Yoast SEO plugin. -->","yoast_head_json":{"title":"Vill du prata med oss? - Et ole yksin : Du har r\u00e4tt att f\u00e5 hj\u00e4lp","description":"Om du har upplevt osakligt beteende i din hobby, kan du anonymt ta kontakt med Du \u00e4r inte ensam -tj\u00e4nsten.","robots":{"index":"index","follow":"follow","max-snippet":"max-snippet:-1","max-image-preview":"max-image-preview:large","max-video-preview":"max-video-preview:-1"},"canonical":"https:\/\/www.etoleyksin.fi\/sv\/vill-du-prata-med-oss\/","og_locale":"sv_SE","og_type":"article","og_title":"Vill du prata med oss? - Et ole yksin : Du har r\u00e4tt att f\u00e5 hj\u00e4lp","og_description":"Om du har upplevt osakligt beteende i din hobby, kan du anonymt ta kontakt med Du \u00e4r inte ensam -tj\u00e4nsten.","og_url":"https:\/\/www.etoleyksin.fi\/sv\/vill-du-prata-med-oss\/","og_site_name":"Et ole yksin","article_modified_time":"2026-01-12T06:49:27+00:00","og_image":[{"width":1900,"height":1267,"url":"https:\/\/www.etoleyksin.fi\/wp-content\/uploads\/2019\/05\/shutterstock_58757200.jpg","type":"image\/jpeg"}],"twitter_card":"summary_large_image","twitter_misc":{"Ber\u00e4knad l\u00e4stid":"6 minuter"},"schema":{"@context":"https:\/\/schema.org","@graph":[{"@type":"WebPage","@id":"https:\/\/www.etoleyksin.fi\/sv\/vill-du-prata-med-oss\/","url":"https:\/\/www.etoleyksin.fi\/sv\/vill-du-prata-med-oss\/","name":"Vill du prata med oss? - Et ole yksin : Du har r\u00e4tt att f\u00e5 hj\u00e4lp","isPartOf":{"@id":"https:\/\/www.etoleyksin.fi\/#website"},"datePublished":"2019-05-25T11:57:54+00:00","dateModified":"2026-01-12T06:49:27+00:00","description":"Om du har upplevt osakligt beteende i din hobby, kan du anonymt ta kontakt med Du \u00e4r inte ensam -tj\u00e4nsten.","breadcrumb":{"@id":"https:\/\/www.etoleyksin.fi\/sv\/vill-du-prata-med-oss\/#breadcrumb"},"inLanguage":"sv-SE","potentialAction":[{"@type":"ReadAction","target":["https:\/\/www.etoleyksin.fi\/sv\/vill-du-prata-med-oss\/"]}]},{"@type":"BreadcrumbList","@id":"https:\/\/www.etoleyksin.fi\/sv\/vill-du-prata-med-oss\/#breadcrumb","itemListElement":[{"@type":"ListItem","position":1,"name":"Home","item":"https:\/\/www.etoleyksin.fi\/sv\/"},{"@type":"ListItem","position":2,"name":"Vill du prata med oss?"}]},{"@type":"WebSite","@id":"https:\/\/www.etoleyksin.fi\/#website","url":"https:\/\/www.etoleyksin.fi\/","name":"Et ole yksin","description":"Et ole yksin on palvelu ep\u00e4asiallista k\u00e4ytt\u00e4ytymist\u00e4, h\u00e4irint\u00e4\u00e4 tai v\u00e4kivaltaa urheilussa kohdanneille.","potentialAction":[{"@type":"SearchAction","target":{"@type":"EntryPoint","urlTemplate":"https:\/\/www.etoleyksin.fi\/?s={search_term_string}"},"query-input":{"@type":"PropertyValueSpecification","valueRequired":true,"valueName":"search_term_string"}}],"inLanguage":"sv-SE"}]}},"_links":{"self":[{"href":"https:\/\/www.etoleyksin.fi\/sv\/wp-json\/wp\/v2\/pages\/2020","targetHints":{"allow":["GET"]}}],"collection":[{"href":"https:\/\/www.etoleyksin.fi\/sv\/wp-json\/wp\/v2\/pages"}],"about":[{"href":"https:\/\/www.etoleyksin.fi\/sv\/wp-json\/wp\/v2\/types\/page"}],"author":[{"embeddable":true,"href":"https:\/\/www.etoleyksin.fi\/sv\/wp-json\/wp\/v2\/users\/1"}],"replies":[{"embeddable":true,"href":"https:\/\/www.etoleyksin.fi\/sv\/wp-json\/wp\/v2\/comments?post=2020"}],"version-history":[{"count":25,"href":"https:\/\/www.etoleyksin.fi\/sv\/wp-json\/wp\/v2\/pages\/2020\/revisions"}],"predecessor-version":[{"id":4202,"href":"https:\/\/www.etoleyksin.fi\/sv\/wp-json\/wp\/v2\/pages\/2020\/revisions\/4202"}],"wp:attachment":[{"href":"https:\/\/www.etoleyksin.fi\/sv\/wp-json\/wp\/v2\/media?parent=2020"}],"curies":[{"name":"wp","href":"https:\/\/api.w.org\/{rel}","templated":true}]}}